{"id":20,"date":"2015-06-25T09:17:28","date_gmt":"2015-06-25T09:17:28","guid":{"rendered":"http:\/\/localhost\/wordpress\/?page_id=20"},"modified":"2015-10-04T10:35:34","modified_gmt":"2015-10-04T10:35:34","slug":"quienes-somos","status":"publish","type":"page","link":"http:\/\/downcadiz.com\/category\/blog\/quienes-somos\/","title":{"rendered":"Quienes somos"},"content":{"rendered":"<p><img decoding=\"async\" loading=\"lazy\" src=\"http:\/\/downcadiz.com\/wp-content\/uploads\/2015\/06\/logo-pequeno.jpg\" alt=\"Logo down C\u00e1diz peque\u00f1o\" width=\"197\" height=\"62\" class=\"alignleft size-full wp-image-47\" \/><\/p>\n<p><strong>Asociaci\u00f3n especializada en trabajar con discapacidad intelectual.<\/strong><\/p>\n<p><strong>La Asociaci\u00f3n S\u00edndrome de Down de C\u00e1diz y Bah\u00eda \u201cLejeune\u201d creada en 1992<\/strong>, es una organizaci\u00f3n no gubernamental, de \u00e1mbito provincial, sin \u00e1nimo de lucro, especializada en mejorar la calidad de vida de las personas con S\u00edndrome de Down y otras discapacidades intelectuales.<\/p>\n<p>Est\u00e1 representada en la <strong>Federaci\u00f3n Andaluza de Asociaciones para el S\u00edndrome de Down<\/strong> (DOWN ANDALUC\u00cdA), en la <strong>Federaci\u00f3n Espa\u00f1ola de Instituciones para el S\u00edndrome de Down<\/strong> (DOWN ESPA\u00d1A).<\/p>\n<p>El objetivo principal de la Asociaci\u00f3n S\u00edndrome de Down de C\u00e1diz y Bah\u00eda \u201cLejeune\u201d es <strong>mejorar la calidad de vida<\/strong> de las personas con S\u00edndrome de Down y otras discapacidades intelectuales.<\/p>\n<p>Para conseguir este objetivo, la Asociaci\u00f3n atiende a las personas con discapacidad intelectual y a los distintos colectivos que intervienen en su vida de forma directa (familia, profesores, personal sanitario, voluntarios, etc.) o indirecta (estudiantes de la Universidad, profesionales varios, etc.). As\u00ed, <strong>esta atenci\u00f3n se proporciona desde las primeras edades<\/strong> con programas de apoyo a la educaci\u00f3n y al desarrollo personal y social, y m\u00e1s tarde mediante la realizaci\u00f3n de programas espec\u00edficos para la formaci\u00f3n profesional que les facilitar\u00e1 el acceso al mundo laboral.<\/p>\n<p>Del mismo modo, los agentes sociales que influyen en la poblaci\u00f3n con discapacidad intelectual, encuentran en esta Asociaci\u00f3n programas de formaci\u00f3n y asesoramiento, y un<strong> punto de consulta para potenciar la calidad de vida<\/strong> de las personas que forman parte de este colectivo.<\/p>\n","protected":false},"excerpt":{"rendered":"<p>Asociaci\u00f3n especializada en trabajar con discapacidad intelectual. La Asociaci\u00f3n S\u00edndrome de Down de C\u00e1diz y Bah\u00eda \u201cLejeune\u201d creada en 1992, es una organizaci\u00f3n no gubernamental, de \u00e1mbito provincial, sin \u00e1nimo de lucro, especializada en mejorar la calidad de vida de las personas con S\u00edndrome de Down y otras discapacidades intelectuales. Est\u00e1 representada en la Federaci\u00f3n &hellip; <\/p>\n<p class=\"link-more\"><a href=\"http:\/\/downcadiz.com\/category\/blog\/quienes-somos\/\" class=\"more-link\">Continuar leyendo<span class=\"screen-reader-text\"> \u00abQuienes somos\u00bb<\/span><\/a><\/p>\n","protected":false},"author":4,"featured_media":0,"parent":0,"menu_order":0,"comment_status":"closed","ping_status":"open","template":"","meta":[],"_links":{"self":[{"href":"http:\/\/downcadiz.com\/category\/blog\/wp-json\/wp\/v2\/pages\/20"}],"collection":[{"href":"http:\/\/downcadiz.com\/category\/blog\/wp-json\/wp\/v2\/pages"}],"about":[{"href":"http:\/\/downcadiz.com\/category\/blog\/wp-json\/wp\/v2\/types\/page"}],"author":[{"embeddable":true,"href":"http:\/\/downcadiz.com\/category\/blog\/wp-json\/wp\/v2\/users\/4"}],"replies":[{"embeddable":true,"href":"http:\/\/downcadiz.com\/category\/blog\/wp-json\/wp\/v2\/comments?post=20"}],"version-history":[{"count":4,"href":"http:\/\/downcadiz.com\/category\/blog\/wp-json\/wp\/v2\/pages\/20\/revisions"}],"predecessor-version":[{"id":78,"href":"http:\/\/downcadiz.com\/category\/blog\/wp-json\/wp\/v2\/pages\/20\/revisions\/78"}],"wp:attachment":[{"href":"http:\/\/downcadiz.com\/category\/blog\/wp-json\/wp\/v2\/media?parent=20"}],"curies":[{"name":"wp","href":"https:\/\/api.w.org\/{rel}","templated":true}]}}