{"id":40,"date":"2015-06-26T08:46:19","date_gmt":"2015-06-26T08:46:19","guid":{"rendered":"http:\/\/localhost\/wordpress\/?page_id=40"},"modified":"2015-10-04T10:29:54","modified_gmt":"2015-10-04T10:29:54","slug":"transicion-a-la-vida-adulta","status":"publish","type":"page","link":"http:\/\/downcadiz.com\/category\/blog\/programas\/transicion-a-la-vida-adulta\/","title":{"rendered":"Transici\u00f3n a la vida adulta"},"content":{"rendered":"<p><img decoding=\"async\" loading=\"lazy\" src=\"http:\/\/downcadiz.com\/wp-content\/uploads\/2015\/06\/logo-pequeno.jpg\" alt=\"Logo down C\u00e1diz peque\u00f1o\" width=\"197\" height=\"62\" class=\"alignleft size-full wp-image-47\" \/><\/p>\n<p>Este programa de Transici\u00f3n a la Vida Adulta tiene como objetivo principal, minimizar las dificultades encontradas en el alumnado al finalizar la etapa educativa y al iniciar la vida adulta, y a aquellas otras que aun habiendo terminado hace alg\u00fan tiempo, no disponen de las herramientas y recursos personales, psicol\u00f3gicos y sociales necesarios para una vida aut\u00f3noma e independiente.<\/p>\n<p>Consideramos que es un paso fundamental, pues no vemos que tengan la madurez necesaria al terminar la etapa escolar para entrar directamente en un perfil laboral o acceder a sus primeras pr\u00e1cticas, y con esta transici\u00f3n se van preparando adquiriendo las destrezas para en un futuro acceder a la Inserci\u00f3n Laboral con los conocimientos y la madurez necesarios. Consiguiendo una Plena Autonom\u00eda y Desarrollo Personal, mejorando su calidad de vida y favoreciendo la plena integraci\u00f3n de las personas con discapacidad en la sociedad.apa escolar, como paso previo a la Inserci\u00f3n Laboral.<\/p>\n<div>Horario: de lunes a viernes de 10:00-14:00h.<\/div>\n<div><b><span lang=\"ES-TRAD\"><span style=\"color: #3d85c6;\">\u00a0<\/span><\/span><\/b><\/div>\n<div><b><span lang=\"ES-TRAD\"><span style=\"color: #3d85c6;\">BLOQUE1: AUTONOM\u00cdA PERSONAL<\/span><\/span><\/b><\/div>\n<blockquote>\n<div>\n<p>1.\u00a0\u00a0\u00a0\u00a0COMUNICACI\u00d3N<\/p>\n<p>2.\u00a0\u00a0\u00a0\u00a0\u00a0\u00a0BIENESTAR Y AUTOCUIDADO<\/p>\n<\/div>\n<div>\n<p>-salud<\/p>\n<\/div>\n<div>\n<p>-seguridad<\/p>\n<\/div>\n<div>\n<p>3. VIDA EN EL HOGAR<\/p>\n<\/div>\n<\/blockquote>\n<div>\n<p><b><span style=\"color: #3d85c6;\">BLOQUE2: PARTICIPACI\u00d3N SOCIAL Y COMUNITARIA<\/span><\/b><\/p>\n<\/div>\n<blockquote>\n<div>\n<p>4. HHSS<\/p>\n<\/div>\n<div>\n<p>5.AUTOCONOCIMIENTO Y TOMA DE DECISIONES<\/p>\n<\/div>\n<div>\n<p>6.\u00a0\u00a0\u00a0\u00a0\u00a0\u00a0RECURSOS COMUNITARIOS<\/p>\n<\/div>\n<\/blockquote>\n<div>\n<p><b><span style=\"color: #3d85c6;\">BLOQUE 3: FORMACI\u00d3N Y ORIENTACI\u00d3N PRELABORAL<\/span><\/b><\/p>\n<\/div>\n<blockquote>\n<div>\n<p>7.INCORPORACI\u00d3N AL MERCADO LABORAL<\/p>\n<\/div>\n<div>\n<p>8.\u00a0\u00a0\u00a0\u00a0COMPETENCIAS SOCIALES Y PROFESIONALES<\/p>\n<\/div>\n<\/blockquote>\n<blockquote>\n<blockquote>\n<div>\n<p>-competencias<\/p>\n<\/div>\n<\/blockquote>\n<blockquote>\n<div>\n<p>-perfiles<\/p>\n<\/div>\n<\/blockquote>\n<blockquote>\n<div>\n<p>&#8211; RRLL<\/p>\n<\/div>\n<\/blockquote>\n<\/blockquote>\n<blockquote>\n<div>\n<p>9.\u00a0ASESORAMIENTO EN LA B\u00daSQUEDAD DE EMPLEO<\/p>\n<\/div>\n<\/blockquote>\n<div>\n<p><b><span style=\"color: #3d85c6;\">BLOQUE 4:<\/span><\/b><\/p>\n<\/div>\n<blockquote>\n<div>\n<p>10.ENTRENAMIENTO COGNITIVO<\/p>\n<\/div>\n<div>\n<p>11. EL EURO<\/p>\n<\/div>\n<div>\n<p>12. EL TIEMPO<\/p>\n<\/div>\n<div>\n<p>13.NUEVAS TECNOLOG\u00cdAS<\/p>\n<\/div>\n<div>\n<p>14. EL TEL\u00c9ONO<\/p>\n<\/div>\n<\/blockquote>\n<div>\n<p><b><span style=\"color: #3d85c6;\">TEMAS TRANSVERSALES<\/span><\/b><\/p>\n<ul>\n<li>HH ACAD\u00c9MICAS<\/li>\n<li>HH FUNCIONALES<\/li>\n<li>IGUALDAD<\/li>\n<li>SENSIBILIZACI\u00d3N MEDIOAMBIENTAL<\/li>\n<li>OCIO Y TIEMPO LIBRE<\/li>\n<\/ul>\n<\/div>\n","protected":false},"excerpt":{"rendered":"<p>Este programa de Transici\u00f3n a la Vida Adulta tiene como objetivo principal, minimizar las dificultades encontradas en el alumnado al finalizar la etapa educativa y al iniciar la vida adulta, y a aquellas otras que aun habiendo terminado hace alg\u00fan tiempo, no disponen de las herramientas y recursos personales, psicol\u00f3gicos y sociales necesarios para una &hellip; <\/p>\n<p class=\"link-more\"><a href=\"http:\/\/downcadiz.com\/category\/blog\/programas\/transicion-a-la-vida-adulta\/\" class=\"more-link\">Continuar leyendo<span class=\"screen-reader-text\"> \u00abTransici\u00f3n a la vida adulta\u00bb<\/span><\/a><\/p>\n","protected":false},"author":4,"featured_media":0,"parent":18,"menu_order":0,"comment_status":"open","ping_status":"open","template":"","meta":[],"_links":{"self":[{"href":"http:\/\/downcadiz.com\/category\/blog\/wp-json\/wp\/v2\/pages\/40"}],"collection":[{"href":"http:\/\/downcadiz.com\/category\/blog\/wp-json\/wp\/v2\/pages"}],"about":[{"href":"http:\/\/downcadiz.com\/category\/blog\/wp-json\/wp\/v2\/types\/page"}],"author":[{"embeddable":true,"href":"http:\/\/downcadiz.com\/category\/blog\/wp-json\/wp\/v2\/users\/4"}],"replies":[{"embeddable":true,"href":"http:\/\/downcadiz.com\/category\/blog\/wp-json\/wp\/v2\/comments?post=40"}],"version-history":[{"count":3,"href":"http:\/\/downcadiz.com\/category\/blog\/wp-json\/wp\/v2\/pages\/40\/revisions"}],"predecessor-version":[{"id":76,"href":"http:\/\/downcadiz.com\/category\/blog\/wp-json\/wp\/v2\/pages\/40\/revisions\/76"}],"up":[{"embeddable":true,"href":"http:\/\/downcadiz.com\/category\/blog\/wp-json\/wp\/v2\/pages\/18"}],"wp:attachment":[{"href":"http:\/\/downcadiz.com\/category\/blog\/wp-json\/wp\/v2\/media?parent=40"}],"curies":[{"name":"wp","href":"https:\/\/api.w.org\/{rel}","templated":true}]}}